{"id":2,"date":"2019-04-19T11:03:25","date_gmt":"2019-04-19T09:03:25","guid":{"rendered":"http:\/\/mas-fandelou.com\/?page_id=2"},"modified":"2020-02-12T10:42:09","modified_gmt":"2020-02-12T09:42:09","slug":"cgv","status":"publish","type":"page","link":"https:\/\/mas-fandelou.com\/index.php\/cgv\/","title":{"rendered":"Conditions G\u00e9n\u00e9rales de Vente"},"content":{"rendered":"<p>[vc_row][vc_column][vc_custom_heading text=&#8221;CONDITIONS GENERALES DE VENTE&#8221; font_container=&#8221;tag:h4|text_align:center|color:%237b241c&#8221; google_fonts=&#8221;font_family:Questrial%3Aregular|font_style:400%20regular%3A400%3Anormal&#8221;][stm_spacer height=&#8221;30&#8243;][\/vc_column][\/vc_row][vc_row][vc_column][stm_spacer height=&#8221;30&#8243;][vc_column_text css_animation=&#8221;appear&#8221;]<b><i>Article 1<\/i><\/b> : <b>check-in-check-out :<\/b> L&#8217;arriv\u00e9e devra \u00eatre effective entre 16 et 20h. En cas d&#8217;arriv\u00e9e tardive, le locataire pr\u00e9viendra la propri\u00e9taire. Le d\u00e9part devra \u00eatre effectif avant 11h.<\/p>\n<p>Le petit d\u00e9jeuner est inclus dans le prix de la nuit\u00e9e et ne fera l&#8217;objet d&#8217;aucune remise s&#8217;il n&#8217;est pas pris.<\/p>\n<p><b><i>Article 2<\/i><\/b>\u00a0&#8211;\u00a0<b>dur\u00e9e du s\u00e9jour<\/b> : Le locataire ne pourra en aucune circonstance se pr\u00e9valoir d&#8217;un quelconque droit au maintien dans les lieux \u00e0 l&#8217;issue du s\u00e9jour.<\/p>\n<p><b><i>Article 3<\/i><\/b>\u00a0&#8211;\u00a0<b>r\u00e9servation<\/b> : La r\u00e9servation devient effective \u00e0 la validation de celle-ci par la propri\u00e9taire, d\u00e8s lors que le locataire aura fait parvenir un acompte de 50 % du montant total de la location et accept\u00e9 les <a href=\"https:\/\/mas-fandelou.com\/index.php\/cgv\/\" target=\"_blank\" rel=\"noopener noreferrer\">CGV<\/a>.<\/p>\n<p>La r\u00e9servation conclue entre les parties au pr\u00e9sent acte ne pourra \u00eatre transf\u00e9r\u00e9e \u00e0 des tiers, personnes physiques ou morales sans l&#8217;accord \u00e9crit de la propri\u00e9taire.<\/p>\n<p>Toute infraction \u00e0 ce dernier alin\u00e9a serait susceptible d&#8217;entra\u00eener la r\u00e9siliation imm\u00e9diate de la r\u00e9servation aux torts du locataire, l&#8217;acompte\u00a0 restant d\u00e9finitivement acquis \u00e0 la propri\u00e9taire.<\/p>\n<p><b><i>Article 4 &#8211;\u00a0<\/i><\/b><b>absence de r\u00e9tractation<\/b>\u00a0: Pour les r\u00e9servations effectu\u00e9es par courrier, par t\u00e9l\u00e9phone ou par internet, le locataire ne b\u00e9n\u00e9ficie pas du d\u00e9lai de r\u00e9tractation, et ce conform\u00e9ment \u00e0 l\u2019article L121-21-8 du code de la consommation relatif notamment aux prestations de services d\u2019h\u00e9bergement fournies \u00e0 une date ou selon une p\u00e9riodicit\u00e9 d\u00e9termin\u00e9e.<\/p>\n<p><b><i>Article 5\u00a0<\/i><\/b>&#8211;\u00a0<b>annulation par le locataire<\/b> : Toute annulation doit \u00eatre notifi\u00e9e par lettre recommand\u00e9e \u00e0 la propri\u00e9taire.<\/p>\n<p>a) annulation avant l&#8217;arriv\u00e9e dans les lieux :\u00a0l&#8217;acompte sera rembours\u00e9 pour toute annulation effectu\u00e9e au moins 8 jours avant la date d&#8217;arriv\u00e9e.\u00a0 Si l&#8217;annulation intervient moins de 8 jours avant la date pr\u00e9vue d&#8217;entr\u00e9e dans les lieux, l&#8217;acompte vers\u00e9 sera conserv\u00e9.<\/p>\n<p>Si le locataire ne se manifeste pas dans les 12 heures qui suivent la date d&#8217;arriv\u00e9e indiqu\u00e9e, la r\u00e9servation devient nulle et la propri\u00e9taire peut disposer de sa chambre. L&#8217;acompte reste \u00e9galement acquis \u00e0 la propri\u00e9taire.<br \/>\nb) si le s\u00e9jour est \u00e9court\u00e9, le prix de la r\u00e9servation reste acquis \u00e0 la propri\u00e9taire. Il ne sera proc\u00e9d\u00e9 \u00e0 aucun remboursement.<\/p>\n<p><b><i>Article 6\u00a0<\/i><\/b><b>&#8211; annulation par la propri\u00e9taire<\/b> : La propri\u00e9taire reverse au locataire l\u2019int\u00e9gralit\u00e9 des sommes vers\u00e9es.<\/p>\n<p><b><i>Article 7<\/i><\/b><b>\u00a0&#8211; arriv\u00e9e\u00a0<\/b>: Le locataire doit se pr\u00e9senter le jour pr\u00e9cis \u00e0 l&#8217;heure mentionn\u00e9e lors de la r\u00e9servation. En cas d&#8217;arriv\u00e9e tardive ou diff\u00e9r\u00e9e, le locataire doit pr\u00e9venir la propri\u00e9taire.<\/p>\n<p><b><i>Article 8<\/i><\/b><b>&#8211; r\u00e8glement du solde<\/b>\u00a0: Le solde de la location est vers\u00e9 \u00e0 l&#8217;entr\u00e9e dans les lieux.<\/p>\n<p><strong><em>Article 9\u00a0&#8211; \u00e9tat des lieux\u00a0: Un inventaire est \u00e9tabli en commun et sign\u00e9 par le locataire et le propri\u00e9taire ou son repr\u00e9sentant \u00e0 l&#8217;arriv\u00e9e et au d\u00e9part du g\u00eete. Cet inventaire constitue la seule r\u00e9f\u00e9rence en cas de litige concernant l&#8217;\u00e9tat des lieux.<\/em><\/strong><\/p>\n<p><b><i>Article 10\u00a0<\/i><\/b><b>&#8211; d\u00e9p\u00f4t de garantie ou caution<\/b> : Nous ne demandons pas de caution, cependant les d\u00e9g\u00e2ts mat\u00e9riels occasionn\u00e9s sur le mobilier ou autre mat\u00e9riel sera factur\u00e9 imm\u00e9diatement.<\/p>\n<p><b><i>Article 11<\/i><\/b><b>\u00a0&#8211; utilisation des lieux\u00a0<\/b>: Le locataire devra assurer le caract\u00e8re paisible de la chambre et en faire usage conform\u00e9ment \u00e0 la destination des lieux. Il devra \u00e9galement respecter les abords de la chambre, de la piscine et des jardins.<\/p>\n<p><b><i>Article 12<\/i><\/b><b>\u00a0&#8211; capacit\u00e9<\/b> : Le pr\u00e9sent contrat est \u00e9tabli pour une capacit\u00e9 maximum de 2 personnes adultes. L&#8217;environnement lacustre du Mas n&#8217;\u00e9tant pas adapt\u00e9 aux enfants, ceux-ci ne pourront pas y s\u00e9journer.<\/p>\n<p><b><i>Article 13 \u2013\u00a0<\/i><\/b><b>accueil des animaux<\/b> : Nos amis les animaux ne sont pas admis, quelle que soit leur taille.<\/p>\n<p><b><i>Article 14<\/i><\/b><b>\u00a0&#8211; assurances<\/b> : Le locataire est responsable de tous les dommages survenant de son fait. Il est tenu d\u2019\u00eatre assur\u00e9 par un contrat d\u2019assurance type vill\u00e9giature pour ces diff\u00e9rents risques.<\/p>\n<p><b><i>Article 15\u00a0<\/i><\/b><b>&#8211; paiement des suppl\u00e9ments<\/b> : Le locataire devra acquitter en esp\u00e8ces, aupr\u00e8s de la propri\u00e9taire, les \u00e9ventuels suppl\u00e9ments non inclus dans le prix.<\/p>\n<p><b><i>Article 16\u00a0<\/i><\/b><b>&#8211; litiges<\/b> : Toute r\u00e9clamation relative \u00e0 l\u2019\u00e9tat du lieu et \u00e0 l\u2019\u00e9tat du descriptif devra \u00eatre soumise par courrier Recommand\u00e9 avec Accus\u00e9 de R\u00e9ception adress\u00e9 \u00e0 M\u00e9lissa Forest &#8211; Mas Fandelou &#8211; Les hauts de frigoulet &#8211; 13460 Les Saintes Maries de la Mer.<\/p>\n<p>Les litiges seront \u00e9ventuellement r\u00e9gl\u00e9s aupr\u00e8s du Tribunal d&#8217;Arles.<\/p>\n<p><!-- \/wp:paragraph -->[\/vc_column_text][\/vc_column][vc_column][\/vc_column][\/vc_row]<\/p>\n","protected":false},"excerpt":{"rendered":"<p>[vc_row][vc_column][vc_custom_heading text=&#8221;CONDITIONS GENERALES DE VENTE&#8221; font_container=&#8221;tag:h4|text_align:center|color:%237b241c&#8221; google_fonts=&#8221;font_family:Questrial%3Aregular|font_style:400%20regular%3A400%3Anormal&#8221;][stm_spacer height=&#8221;30&#8243;][\/vc_column][\/vc_row][vc_row][vc_column][stm_spacer height=&#8221;30&#8243;][vc_column_text css_animation=&#8221;appear&#8221;]Article 1 : check-in-check-out : L&#8217;arriv\u00e9e devra \u00eatre effective entre 16 et 20h. En cas d&#8217;arriv\u00e9e tardive, le locataire pr\u00e9viendra la propri\u00e9taire. Le d\u00e9part devra \u00eatre effectif avant 11h. Le petit d\u00e9jeuner est inclus dans le prix de la nuit\u00e9e et ne fera l&#8217;objet d&#8217;aucune remise [&hellip;]<\/p>\n","protected":false},"author":1,"featured_media":0,"parent":0,"menu_order":0,"comment_status":"closed","ping_status":"open","template":"","meta":{"_exactmetrics_skip_tracking":false,"_exactmetrics_sitenote_active":false,"_exactmetrics_sitenote_note":"","_exactmetrics_sitenote_category":0},"_links":{"self":[{"href":"https:\/\/mas-fandelou.com\/index.php\/wp-json\/wp\/v2\/pages\/2"}],"collection":[{"href":"https:\/\/mas-fandelou.com\/index.php\/wp-json\/wp\/v2\/pages"}],"about":[{"href":"https:\/\/mas-fandelou.com\/index.php\/wp-json\/wp\/v2\/types\/page"}],"author":[{"embeddable":true,"href":"https:\/\/mas-fandelou.com\/index.php\/wp-json\/wp\/v2\/users\/1"}],"replies":[{"embeddable":true,"href":"https:\/\/mas-fandelou.com\/index.php\/wp-json\/wp\/v2\/comments?post=2"}],"version-history":[{"count":11,"href":"https:\/\/mas-fandelou.com\/index.php\/wp-json\/wp\/v2\/pages\/2\/revisions"}],"predecessor-version":[{"id":2023,"href":"https:\/\/mas-fandelou.com\/index.php\/wp-json\/wp\/v2\/pages\/2\/revisions\/2023"}],"wp:attachment":[{"href":"https:\/\/mas-fandelou.com\/index.php\/wp-json\/wp\/v2\/media?parent=2"}],"curies":[{"name":"wp","href":"https:\/\/api.w.org\/{rel}","templated":true}]}}